{"id":2505,"date":"2023-04-30T17:50:05","date_gmt":"2023-04-30T15:50:05","guid":{"rendered":"https:\/\/melaniebonnet-psychologue.com\/?page_id=2505"},"modified":"2023-05-01T15:53:14","modified_gmt":"2023-05-01T13:53:14","slug":"analyse-de-la-pratique-professionnelle","status":"publish","type":"page","link":"https:\/\/melaniebonnet-psychologue.com\/index.php\/analyse-de-la-pratique-professionnelle\/","title":{"rendered":"Analyse de la pratique professionnelle"},"content":{"rendered":"\n<h3 class=\"has-text-align-center has-black-color has-text-color\" style=\"font-size:23px\"><strong>C&rsquo;est un temps de prise de distance afin de se rep\u00e9rer dans la complexit\u00e9 des situations professionnelles rencontr\u00e9es, de mieux identifier les places et positionnements de chacun.<\/strong><\/h3>\n\n\n\n<div style=\"height:53px\" aria-hidden=\"true\" class=\"wp-block-spacer\"><\/div>\n\n\n\n<hr class=\"wp-block-separator has-css-opacity is-style-wide\"\/>\n\n\n\n<div style=\"height:36px\" aria-hidden=\"true\" class=\"wp-block-spacer\"><\/div>\n\n\n\n<h2 class=\"has-text-color\" style=\"color:#d4a53d;font-size:30px\"><strong>Elle permet la reprise des situations professionnelles rencontr\u00e9es et favorise :<\/strong><\/h2>\n\n\n\n<ul class=\"has-medium-font-size\"><li><mark style=\"background-color:rgba(0, 0, 0, 0)\" class=\"has-inline-color has-black-color\">La prise de recul sur leur activit\u00e9<\/mark><\/li><li><mark style=\"background-color:rgba(0, 0, 0, 0)\" class=\"has-inline-color has-black-color\">Le partage avec les coll\u00e8gues et la confrontation des pratiques<\/mark><\/li><li><mark style=\"background-color:rgba(0, 0, 0, 0)\" class=\"has-inline-color has-black-color\">L\u2019analyse et la r\u00e9flexion<\/mark><\/li><li><mark style=\"background-color:rgba(0, 0, 0, 0)\" class=\"has-inline-color has-black-color\">Le travail collectif et les pratiques communes en s\u2019appuyant sur des exp\u00e9riences concr\u00e8tes<\/mark><\/li><li><mark style=\"background-color:rgba(0, 0, 0, 0)\" class=\"has-inline-color has-black-color\">La recherche des solutions en s\u2019appuyant sur une dimension collective garantie par le cadre et l\u2019\u00e9clairage d\u2019un psychologue<\/mark><\/li><\/ul>\n\n\n\n<div style=\"height:36px\" aria-hidden=\"true\" class=\"wp-block-spacer\"><\/div>\n\n\n\n<hr class=\"wp-block-separator has-css-opacity is-style-wide\"\/>\n\n\n\n<div style=\"height:36px\" aria-hidden=\"true\" class=\"wp-block-spacer\"><\/div>\n\n\n\n<div class=\"wp-container-3 wp-block-columns\">\n<div class=\"wp-container-1 wp-block-column\" style=\"flex-basis:40%\">\n<h2 class=\"has-text-color\" style=\"color:#d4a53d;font-size:30px\"><strong><strong>Objectifs<\/strong><\/strong><\/h2>\n<\/div>\n\n\n\n<div class=\"wp-container-2 wp-block-column\" style=\"flex-basis:60%\">\n<h2 class=\"has-text-color\" style=\"color:#d4a53d;font-size:30px\"><strong><strong><strong>Condition de r\u00e9alisation<\/strong><\/strong><\/strong><\/h2>\n<\/div>\n<\/div>\n\n\n\n<div class=\"wp-container-6 wp-block-columns\">\n<div class=\"wp-container-4 wp-block-column\" style=\"flex-basis:40%\">\n<ul class=\"has-black-color has-text-color has-background\" style=\"background-color:#f3eee4\"><li><strong>D\u00e9velopper une capacit\u00e9 r\u00e9flexive<\/strong><\/li><\/ul>\n\n\n\n<ul class=\"has-black-color has-text-color has-background\" style=\"background-color:#f9e1ac\"><li><strong>Mutualiser les comp\u00e9tences<\/strong><\/li><\/ul>\n\n\n\n<ul class=\"has-black-color has-text-color has-background\" style=\"background-color:#fdd889\"><li><strong>Lutter contre l&rsquo;\u00e9puisement professionnel<\/strong><\/li><\/ul>\n\n\n\n<ul class=\"has-black-color has-text-color has-background\" style=\"background-color:#feca59\"><li><strong>Apprendre et d\u00e9velopper des strat\u00e9gies collectives<\/strong><\/li><\/ul>\n\n\n\n<ul class=\"has-black-color has-text-color has-background\" style=\"background-color:#ffbe32\"><li><strong>Consolider l\u2019identit\u00e9 professionnelle<\/strong><\/li><\/ul>\n\n\n\n<ul class=\"has-black-color has-text-color has-background\" style=\"background-color:#ffae00\"><li><strong>Accro\u00eetre la coh\u00e9sion d\u2019\u00e9quipe<\/strong><\/li><\/ul>\n<\/div>\n\n\n\n<div class=\"wp-container-5 wp-block-column\" style=\"flex-basis:60%\">\n<p class=\"has-medium-font-size\"><mark style=\"background-color:rgba(0, 0, 0, 0)\" class=\"has-inline-color has-black-color\"><strong>L\u2019APP requiert certaines conditions de r\u00e9alisation:<\/strong><\/mark><\/p>\n\n\n\n<div style=\"height:23px\" aria-hidden=\"true\" class=\"wp-block-spacer\"><\/div>\n\n\n\n<ul id=\"block-fc98390b-16a3-4652-ac3b-cbc02fbc40c7\" class=\"has-medium-font-size\"><li><mark style=\"background-color:rgba(0, 0, 0, 0)\" class=\"has-inline-color has-black-color\">Un\u00a0<strong>espace d\u2019accueil\u00a0<\/strong>et de mise en mots du v\u00e9cu professionnel s\u00e9curis\u00e9<\/mark><\/li><\/ul>\n\n\n\n<div style=\"height:12px\" aria-hidden=\"true\" class=\"wp-block-spacer\"><\/div>\n\n\n\n<ul id=\"block-fc98390b-16a3-4652-ac3b-cbc02fbc40c7\" class=\"has-medium-font-size\"><li><mark style=\"background-color:rgba(0, 0, 0, 0)\" class=\"has-inline-color has-black-color\">L\u2019<strong>expression\u00a0<\/strong>et l\u2019accueil des diff\u00e9rences de points de vue<\/mark><\/li><\/ul>\n\n\n\n<div style=\"height:12px\" aria-hidden=\"true\" class=\"wp-block-spacer\"><\/div>\n\n\n\n<ul id=\"block-fc98390b-16a3-4652-ac3b-cbc02fbc40c7\" class=\"has-medium-font-size\"><li><mark style=\"background-color:rgba(0, 0, 0, 0)\" class=\"has-inline-color has-black-color\">L\u2019<strong>\u00e9coute\u00a0<\/strong>et l\u2019accueil des impacts et des v\u00e9cus<\/mark><\/li><\/ul>\n\n\n\n<div style=\"height:12px\" aria-hidden=\"true\" class=\"wp-block-spacer\"><\/div>\n\n\n\n<ul id=\"block-fc98390b-16a3-4652-ac3b-cbc02fbc40c7\" class=\"has-medium-font-size\"><li><mark style=\"background-color:rgba(0, 0, 0, 0)\" class=\"has-inline-color has-black-color\">L\u2019<strong>analyse des dynamiques et enjeux\u00a0<\/strong>sous-jacents aux probl\u00e9matiques professionnelles<\/mark><\/li><\/ul>\n\n\n\n<div style=\"height:12px\" aria-hidden=\"true\" class=\"wp-block-spacer\"><\/div>\n\n\n\n<ul id=\"block-fc98390b-16a3-4652-ac3b-cbc02fbc40c7\" class=\"has-medium-font-size\"><li><mark style=\"background-color:rgba(0, 0, 0, 0)\" class=\"has-inline-color has-black-color\">La\u00a0<strong>co-construction\u00a0<\/strong>de compr\u00e9hension plus aidantes et de pistes d\u2019action alternatives,<\/mark><\/li><\/ul>\n<\/div>\n<\/div>\n\n\n\n<div style=\"height:36px\" aria-hidden=\"true\" class=\"wp-block-spacer\"><\/div>\n\n\n\n<hr class=\"wp-block-separator has-css-opacity is-style-wide\"\/>\n\n\n\n<div style=\"height:36px\" aria-hidden=\"true\" class=\"wp-block-spacer\"><\/div>\n\n\n\n<h2 class=\"has-text-color\" style=\"color:#d4a53d;font-size:30px\"><strong><strong>Mon programme<\/strong><\/strong><\/h2>\n\n\n\n<div style=\"height:13px\" aria-hidden=\"true\" class=\"wp-block-spacer\"><\/div>\n\n\n\n<p style=\"font-size:23px\"><strong><mark style=\"background-color:rgba(0, 0, 0, 0)\" class=\"has-inline-color has-black-color\">La premi\u00e8re s\u00e9ance de travail est consacr\u00e9e \u00e0 la mise en place du cadre :<\/mark><\/strong><\/p>\n\n\n\n<ul class=\"has-medium-font-size\"><li><mark style=\"background-color:rgba(0, 0, 0, 0)\" class=\"has-inline-color has-black-color\">Les attentes institutionnelles<\/mark><\/li><li><mark style=\"background-color:rgba(0, 0, 0, 0)\" class=\"has-inline-color has-black-color\">Les objectifs de cet outil<\/mark><\/li><li><mark style=\"background-color:rgba(0, 0, 0, 0)\" class=\"has-inline-color has-black-color\">Les attentes des participants<\/mark><\/li><li><mark style=\"background-color:rgba(0, 0, 0, 0)\" class=\"has-inline-color has-black-color\">Les r\u00e8gles de bon fonctionnement :&nbsp;<em>(assiduit\u00e9, bienveillance, confidentialit\u00e9, centration sur la pratique professionnelle, restitution)<\/em><\/mark><\/li><\/ul>\n\n\n\n<div style=\"height:26px\" aria-hidden=\"true\" class=\"wp-block-spacer\"><\/div>\n\n\n\n<p style=\"font-size:23px\"><strong><mark style=\"background-color:rgba(0, 0, 0, 0)\" class=\"has-inline-color has-black-color\">Le d\u00e9roulement des autres s\u00e9ances se centre sur les situations professionnelles que les participants souhaitent explorer :<\/mark><\/strong><\/p>\n\n\n\n<ul class=\"has-medium-font-size\"><li><mark style=\"background-color:rgba(0, 0, 0, 0)\" class=\"has-inline-color has-black-color\">Retour sur la situation pr\u00e9c\u00e9dente<\/mark><\/li><li><mark style=\"background-color:rgba(0, 0, 0, 0)\" class=\"has-inline-color has-black-color\">Choix d\u2019une situation pour la s\u00e9ance Pr\u00e9sentation de la situation choisie<\/mark><\/li><li><mark style=\"background-color:rgba(0, 0, 0, 0)\" class=\"has-inline-color has-black-color\">Temps d\u2019exploration et d\u2019\u00e9changes<\/mark><\/li><li><mark style=\"background-color:rgba(0, 0, 0, 0)\" class=\"has-inline-color has-black-color\">Temps d\u2019exploration des changements apport\u00e9s par les \u00e9changes et de leurs cons\u00e9quences pratiques concr\u00e8tes envisag\u00e9es<\/mark><\/li><\/ul>\n\n\n\n<div style=\"height:36px\" aria-hidden=\"true\" class=\"wp-block-spacer\"><\/div>\n\n\n\n<hr class=\"wp-block-separator has-css-opacity is-style-wide\"\/>\n\n\n\n<div style=\"height:36px\" aria-hidden=\"true\" class=\"wp-block-spacer\"><\/div>\n\n\n\n<div class=\"wp-container-9 wp-block-columns\">\n<div class=\"wp-container-7 wp-block-column is-vertically-aligned-center\">\n<figure class=\"wp-block-image size-full\"><img src=\"https:\/\/melaniebonnet-psychologue.com\/wp-content\/uploads\/2023\/05\/linkedin-sales-solutions-1A8yP_5msac-unsplash.jpeg\" alt=\"\" class=\"wp-image-2579\"\/><\/figure>\n<\/div>\n\n\n\n<div class=\"wp-container-8 wp-block-column\">\n<h2 class=\"has-text-color\" style=\"color:#d4a53d;font-size:30px\"><strong>M\u00e9thodologie<\/strong><\/h2>\n\n\n\n<p class=\"has-black-color has-text-color has-medium-font-size\">L\u2019intervenante veillera \u00e0&nbsp;<strong>instaurer une confiance<\/strong>,&nbsp;<strong>faciliter la parole, reformuler les propos&nbsp;<\/strong>des participants,&nbsp;<strong>laisser les participants trouver la solution&nbsp;<\/strong>au probl\u00e8me expos\u00e9 afin de favoriser une dynamique de r\u00e9flexion mutuelle et de coop\u00e9ration.<\/p>\n\n\n\n<p class=\"has-black-color has-text-color has-medium-font-size\">Bas\u00e9e sur une&nbsp;<strong>\u00ab\u00a0approche syst\u00e9mique\u00a0\u00bb&nbsp;<\/strong>qui propose de porter un regard global sur les situations en prenant en compte tout le contexte, l&rsquo;APP privil\u00e9gie les interactions entre les diff\u00e9rents membres du \u00ab syst\u00e8me \u00bb constitu\u00e9 par les professionnels et les personnes dont elle s\u2019occupe, pour ainsi co- construire des nouvelles pistes de r\u00e9flexion et d\u2019intervention.<\/p>\n<\/div>\n<\/div>\n\n\n\n<div style=\"height:36px\" aria-hidden=\"true\" class=\"wp-block-spacer\"><\/div>\n\n\n\n<div class=\"wp-container-12 wp-block-columns are-vertically-aligned-bottom\">\n<div class=\"wp-container-10 wp-block-column is-vertically-aligned-bottom\">\n<h2 class=\"has-text-color\" style=\"color:#d4a53d;font-size:30px\"><strong>Public et pr\u00e9 requis<\/strong><\/h2>\n\n\n\n<p class=\"has-black-color has-text-color has-medium-font-size\">L\u2019analyse des pratiques professionnelles s\u2019adresse \u00e0 des <strong>professionnels du secteur sanitaire et m\u00e9dico- social<\/strong>. Les participants doivent partager un d\u00e9nominateur commun (m\u00e9tiers, \u00e9quipe pluridisciplinaire, niveau hi\u00e9rarchique). La participation peut \u00eatre bas\u00e9e sur du volontariat ou sur un temps de travail obligatoire.<\/p>\n\n\n\n<h2 class=\"has-text-color\" style=\"color:#d4a53d;font-size:30px\"><strong>Conditions<\/strong><\/h2>\n\n\n\n<p class=\"has-black-color has-text-color has-medium-font-size\">Groupe de <strong>3 \u00e0 10 participants maximum<\/strong>. Les s\u00e9ances d\u2019analyse des pratiques professionnelles sont propos\u00e9es en intra et sur site.<\/p>\n\n\n\n<p class=\"has-black-color has-text-color has-medium-font-size\">Le calendrier est programm\u00e9 en amont de la formation<\/p>\n<\/div>\n\n\n\n<div class=\"wp-container-11 wp-block-column is-vertically-aligned-bottom\">\n<figure class=\"wp-block-image size-large is-resized\"><img loading=\"lazy\" src=\"https:\/\/melaniebonnet-psychologue.com\/wp-content\/uploads\/2023\/05\/christina-wocintechchat-com-jzonFmreWok-unsplash-1024x683.jpg\" alt=\"\" class=\"wp-image-2586\" width=\"768\" height=\"512\" srcset=\"https:\/\/melaniebonnet-psychologue.com\/wp-content\/uploads\/2023\/05\/christina-wocintechchat-com-jzonFmreWok-unsplash-1024x683.jpg 1024w, https:\/\/melaniebonnet-psychologue.com\/wp-content\/uploads\/2023\/05\/christina-wocintechchat-com-jzonFmreWok-unsplash-300x200.jpg 300w, https:\/\/melaniebonnet-psychologue.com\/wp-content\/uploads\/2023\/05\/christina-wocintechchat-com-jzonFmreWok-unsplash-768x512.jpg 768w, https:\/\/melaniebonnet-psychologue.com\/wp-content\/uploads\/2023\/05\/christina-wocintechchat-com-jzonFmreWok-unsplash-1536x1024.jpg 1536w, https:\/\/melaniebonnet-psychologue.com\/wp-content\/uploads\/2023\/05\/christina-wocintechchat-com-jzonFmreWok-unsplash-2048x1365.jpg 2048w, https:\/\/melaniebonnet-psychologue.com\/wp-content\/uploads\/2023\/05\/christina-wocintechchat-com-jzonFmreWok-unsplash-1620x1080.jpg 1620w\" sizes=\"(max-width: 768px) 100vw, 768px\" \/><\/figure>\n<\/div>\n<\/div>\n\n\n\n<div style=\"height:36px\" aria-hidden=\"true\" class=\"wp-block-spacer\"><\/div>\n\n\n\n<hr class=\"wp-block-separator has-css-opacity is-style-wide\"\/>\n\n\n\n<div style=\"height:36px\" aria-hidden=\"true\" class=\"wp-block-spacer\"><\/div>\n\n\n\n<div class=\"wp-container-16 is-vertical wp-block-group\">\n<div class=\"wp-container-15 wp-block-columns\">\n<div class=\"wp-container-13 wp-block-column\">\n<h2 class=\"has-text-color\" style=\"color:#d4a53d;font-size:30px\"><strong>Organisation et dur\u00e9e<\/strong><\/h2>\n\n\n\n<ul class=\"has-black-color has-text-color has-background\" style=\"background-color:#f9e1ac\"><li><strong>Une s\u00e9ance dure d\u20191h30 \u00e0 2 heures.<\/strong><\/li><\/ul>\n\n\n\n<ul class=\"has-black-color has-text-color has-background\" style=\"background-color:#feca59\"><li><strong>Les s\u00e9ances sont espac\u00e9es de 4 \u00e0 8 semaines.<\/strong><\/li><\/ul>\n<\/div>\n\n\n\n<div class=\"wp-container-14 wp-block-column is-vertically-aligned-top\">\n<h2 class=\"has-white-color has-text-color\" style=\"font-size:30px\"><strong><strong>Organisation et dur\u00e9e<\/strong><\/strong><\/h2>\n\n\n\n<p class=\"has-black-color has-text-color has-medium-font-size\">La temporalit\u00e9 de l\u2019action permet le suivi des apprentissages et l\u2019ancrage des comp\u00e9tences acquises.<\/p>\n<\/div>\n<\/div>\n<\/div>\n\n\n\n<div style=\"height:36px\" aria-hidden=\"true\" class=\"wp-block-spacer\"><\/div>\n\n\n\n<hr class=\"wp-block-separator has-css-opacity is-style-wide\"\/>\n\n\n\n<div style=\"height:36px\" aria-hidden=\"true\" class=\"wp-block-spacer\"><\/div>\n\n\n\n<h2 class=\"has-text-color\" style=\"color:#d4a53d;font-size:30px\"><strong>Suivi et \u00e9valuation<\/strong><\/h2>\n\n\n\n<p class=\"has-black-color has-text-color has-medium-font-size\">Une feuille de pr\u00e9sence est \u00e9marg\u00e9e \u00e0 chaque s\u00e9ance et remise \u00e0 l\u2019entreprise.<\/p>\n\n\n\n<p class=\"has-black-color has-text-color has-medium-font-size\">Un temps d\u2019\u00e9valuation et de bilan est organis\u00e9 \u00e0 la derni\u00e8re s\u00e9ance (comp\u00e9tences acquises, reconduite des groupes, etc.) La synth\u00e8se de cette \u00e9valuation est partag\u00e9e (\u00e0 la derni\u00e8re s\u00e9ance ou en aval) avec le commanditaire (RH, Charg\u00e9 de formation, manager, etc.)<\/p>\n\n\n\n<div style=\"height:36px\" aria-hidden=\"true\" class=\"wp-block-spacer\"><\/div>\n\n\n\n<hr class=\"wp-block-separator has-css-opacity is-style-wide\"\/>\n\n\n\n<div style=\"height:36px\" aria-hidden=\"true\" class=\"wp-block-spacer\"><\/div>\n\n\n\n<h2 class=\"has-text-color\" style=\"color:#d4a53d;font-size:30px\"><strong>Co\u00fbt de la formation et financement<\/strong><\/h2>\n\n\n\n<div style=\"height:19px\" aria-hidden=\"true\" class=\"wp-block-spacer\"><\/div>\n\n\n\n<div class=\"wp-container-20 wp-block-group\"><div class=\"wp-block-group__inner-container\">\n<div class=\"wp-container-19 wp-block-columns\">\n<div class=\"wp-container-18 wp-block-column\">\n<div class=\"wp-container-17 is-horizontal is-content-justification-center wp-block-buttons\">\n<div class=\"wp-block-button\"><a class=\"wp-block-button__link has-text-color has-background\" style=\"border-radius:30px;background-color:#1d7697;color:#fffffa\"><strong>Tarif horaire : 120 euros HT<\/strong><\/a><\/div>\n\n\n\n<div class=\"wp-block-button is-style-outline\"><a class=\"wp-block-button__link has-text-color\" href=\"https:\/\/melaniebonnet-psychologue.com\/index.php\/contact\/\" style=\"border-radius:30px;color:#1d7697\" target=\"_blank\" rel=\"noreferrer noopener\"><strong>Me contacter<\/strong><\/a><\/div>\n<\/div>\n<\/div>\n<\/div>\n<\/div><\/div>\n\n\n\n<p class=\"has-text-align-center has-black-color has-text-color has-medium-font-size\">Prise en charge possible dans le cadre du plan de d\u00e9veloppement des comp\u00e9tences.<\/p>\n","protected":false},"excerpt":{"rendered":"<p>C&rsquo;est un temps de prise de distance afin de se rep\u00e9rer dans la complexit\u00e9 des situations professionnelles rencontr\u00e9es, de mieux identifier les places et positionnements de chacun. Elle permet la reprise des situations professionnelles rencontr\u00e9es et favorise : La prise de recul sur leur activit\u00e9 Le partage avec les coll\u00e8gues et la confrontation des pratiques&hellip; <br \/> <a class=\"read-more\" href=\"https:\/\/melaniebonnet-psychologue.com\/index.php\/analyse-de-la-pratique-professionnelle\/\">Lire la suite<\/a><\/p>\n","protected":false},"author":1,"featured_media":2510,"parent":0,"menu_order":0,"comment_status":"closed","ping_status":"closed","template":"","meta":[],"yoast_head":"<!-- This site is optimized with the Yoast SEO plugin v20.6 - https:\/\/yoast.com\/wordpress\/plugins\/seo\/ -->\n<title>Analyse de la pratique professionnelle -<\/title>\n<meta name=\"robots\" content=\"index, follow, max-snippet:-1, max-image-preview:large, max-video-preview:-1\" \/>\n<link rel=\"canonical\" href=\"https:\/\/melaniebonnet-psychologue.com\/index.php\/analyse-de-la-pratique-professionnelle\/\" \/>\n<meta property=\"og:locale\" content=\"fr_FR\" \/>\n<meta property=\"og:type\" content=\"article\" \/>\n<meta property=\"og:title\" content=\"Analyse de la pratique professionnelle -\" \/>\n<meta property=\"og:description\" content=\"C&rsquo;est un temps de prise de distance afin de se rep\u00e9rer dans la complexit\u00e9 des situations professionnelles rencontr\u00e9es, de mieux identifier les places et positionnements de chacun. Elle permet la reprise des situations professionnelles rencontr\u00e9es et favorise : La prise de recul sur leur activit\u00e9 Le partage avec les coll\u00e8gues et la confrontation des pratiques&hellip; Lire la suite\" \/>\n<meta property=\"og:url\" content=\"https:\/\/melaniebonnet-psychologue.com\/index.php\/analyse-de-la-pratique-professionnelle\/\" \/>\n<meta property=\"article:modified_time\" content=\"2023-05-01T13:53:14+00:00\" \/>\n<meta property=\"og:image\" content=\"https:\/\/melaniebonnet-psychologue.com\/wp-content\/uploads\/2023\/04\/tiendat-nguyen-WY5kuE0R4-k-unsplash-scaled.jpg\" \/>\n\t<meta property=\"og:image:width\" content=\"2560\" \/>\n\t<meta property=\"og:image:height\" content=\"1707\" \/>\n\t<meta property=\"og:image:type\" content=\"image\/jpeg\" \/>\n<meta name=\"twitter:card\" content=\"summary_large_image\" \/>\n<meta name=\"twitter:label1\" content=\"Dur\u00e9e de lecture estim\u00e9e\" \/>\n\t<meta name=\"twitter:data1\" content=\"4 minutes\" \/>\n<script type=\"application\/ld+json\" class=\"yoast-schema-graph\">{\"@context\":\"https:\/\/schema.org\",\"@graph\":[{\"@type\":\"WebPage\",\"@id\":\"https:\/\/melaniebonnet-psychologue.com\/index.php\/analyse-de-la-pratique-professionnelle\/\",\"url\":\"https:\/\/melaniebonnet-psychologue.com\/index.php\/analyse-de-la-pratique-professionnelle\/\",\"name\":\"Analyse de la pratique professionnelle -\",\"isPartOf\":{\"@id\":\"https:\/\/melaniebonnet-psychologue.com\/#website\"},\"datePublished\":\"2023-04-30T15:50:05+00:00\",\"dateModified\":\"2023-05-01T13:53:14+00:00\",\"breadcrumb\":{\"@id\":\"https:\/\/melaniebonnet-psychologue.com\/index.php\/analyse-de-la-pratique-professionnelle\/#breadcrumb\"},\"inLanguage\":\"fr-FR\",\"potentialAction\":[{\"@type\":\"ReadAction\",\"target\":[\"https:\/\/melaniebonnet-psychologue.com\/index.php\/analyse-de-la-pratique-professionnelle\/\"]}]},{\"@type\":\"BreadcrumbList\",\"@id\":\"https:\/\/melaniebonnet-psychologue.com\/index.php\/analyse-de-la-pratique-professionnelle\/#breadcrumb\",\"itemListElement\":[{\"@type\":\"ListItem\",\"position\":1,\"name\":\"Accueil\",\"item\":\"https:\/\/melaniebonnet-psychologue.com\/\"},{\"@type\":\"ListItem\",\"position\":2,\"name\":\"Analyse de la pratique professionnelle\"}]},{\"@type\":\"WebSite\",\"@id\":\"https:\/\/melaniebonnet-psychologue.com\/#website\",\"url\":\"https:\/\/melaniebonnet-psychologue.com\/\",\"name\":\"\",\"description\":\"M\u00e9lanie Bonnet | Psychologue du travail et des organisations\",\"publisher\":{\"@id\":\"https:\/\/melaniebonnet-psychologue.com\/#\/schema\/person\/7cc16104d73b721f7e7e3a3227405f0d\"},\"potentialAction\":[{\"@type\":\"SearchAction\",\"target\":{\"@type\":\"EntryPoint\",\"urlTemplate\":\"https:\/\/melaniebonnet-psychologue.com\/?s={search_term_string}\"},\"query-input\":\"required name=search_term_string\"}],\"inLanguage\":\"fr-FR\"},{\"@type\":[\"Person\",\"Organization\"],\"@id\":\"https:\/\/melaniebonnet-psychologue.com\/#\/schema\/person\/7cc16104d73b721f7e7e3a3227405f0d\",\"name\":\"admin6544\",\"image\":{\"@type\":\"ImageObject\",\"inLanguage\":\"fr-FR\",\"@id\":\"https:\/\/melaniebonnet-psychologue.com\/#\/schema\/person\/image\/\",\"url\":\"http:\/\/melaniebonnet-psychologue.com\/wp-content\/uploads\/2021\/09\/cropped-cropped-cropped-IMG_4683.jpg\",\"contentUrl\":\"http:\/\/melaniebonnet-psychologue.com\/wp-content\/uploads\/2021\/09\/cropped-cropped-cropped-IMG_4683.jpg\",\"width\":1434,\"height\":1786,\"caption\":\"admin6544\"},\"logo\":{\"@id\":\"https:\/\/melaniebonnet-psychologue.com\/#\/schema\/person\/image\/\"},\"sameAs\":[\"https:\/\/www.linkedin.com\/in\/mlanie-bonnet-psychologue-du-travail\/\"]}]}<\/script>\n<!-- \/ Yoast SEO plugin. -->","yoast_head_json":{"title":"Analyse de la pratique professionnelle -","robots":{"index":"index","follow":"follow","max-snippet":"max-snippet:-1","max-image-preview":"max-image-preview:large","max-video-preview":"max-video-preview:-1"},"canonical":"https:\/\/melaniebonnet-psychologue.com\/index.php\/analyse-de-la-pratique-professionnelle\/","og_locale":"fr_FR","og_type":"article","og_title":"Analyse de la pratique professionnelle -","og_description":"C&rsquo;est un temps de prise de distance afin de se rep\u00e9rer dans la complexit\u00e9 des situations professionnelles rencontr\u00e9es, de mieux identifier les places et positionnements de chacun. Elle permet la reprise des situations professionnelles rencontr\u00e9es et favorise : La prise de recul sur leur activit\u00e9 Le partage avec les coll\u00e8gues et la confrontation des pratiques&hellip; Lire la suite","og_url":"https:\/\/melaniebonnet-psychologue.com\/index.php\/analyse-de-la-pratique-professionnelle\/","article_modified_time":"2023-05-01T13:53:14+00:00","og_image":[{"width":2560,"height":1707,"url":"https:\/\/melaniebonnet-psychologue.com\/wp-content\/uploads\/2023\/04\/tiendat-nguyen-WY5kuE0R4-k-unsplash-scaled.jpg","type":"image\/jpeg"}],"twitter_card":"summary_large_image","twitter_misc":{"Dur\u00e9e de lecture estim\u00e9e":"4 minutes"},"schema":{"@context":"https:\/\/schema.org","@graph":[{"@type":"WebPage","@id":"https:\/\/melaniebonnet-psychologue.com\/index.php\/analyse-de-la-pratique-professionnelle\/","url":"https:\/\/melaniebonnet-psychologue.com\/index.php\/analyse-de-la-pratique-professionnelle\/","name":"Analyse de la pratique professionnelle -","isPartOf":{"@id":"https:\/\/melaniebonnet-psychologue.com\/#website"},"datePublished":"2023-04-30T15:50:05+00:00","dateModified":"2023-05-01T13:53:14+00:00","breadcrumb":{"@id":"https:\/\/melaniebonnet-psychologue.com\/index.php\/analyse-de-la-pratique-professionnelle\/#breadcrumb"},"inLanguage":"fr-FR","potentialAction":[{"@type":"ReadAction","target":["https:\/\/melaniebonnet-psychologue.com\/index.php\/analyse-de-la-pratique-professionnelle\/"]}]},{"@type":"BreadcrumbList","@id":"https:\/\/melaniebonnet-psychologue.com\/index.php\/analyse-de-la-pratique-professionnelle\/#breadcrumb","itemListElement":[{"@type":"ListItem","position":1,"name":"Accueil","item":"https:\/\/melaniebonnet-psychologue.com\/"},{"@type":"ListItem","position":2,"name":"Analyse de la pratique professionnelle"}]},{"@type":"WebSite","@id":"https:\/\/melaniebonnet-psychologue.com\/#website","url":"https:\/\/melaniebonnet-psychologue.com\/","name":"","description":"M\u00e9lanie Bonnet | Psychologue du travail et des organisations","publisher":{"@id":"https:\/\/melaniebonnet-psychologue.com\/#\/schema\/person\/7cc16104d73b721f7e7e3a3227405f0d"},"potentialAction":[{"@type":"SearchAction","target":{"@type":"EntryPoint","urlTemplate":"https:\/\/melaniebonnet-psychologue.com\/?s={search_term_string}"},"query-input":"required name=search_term_string"}],"inLanguage":"fr-FR"},{"@type":["Person","Organization"],"@id":"https:\/\/melaniebonnet-psychologue.com\/#\/schema\/person\/7cc16104d73b721f7e7e3a3227405f0d","name":"admin6544","image":{"@type":"ImageObject","inLanguage":"fr-FR","@id":"https:\/\/melaniebonnet-psychologue.com\/#\/schema\/person\/image\/","url":"http:\/\/melaniebonnet-psychologue.com\/wp-content\/uploads\/2021\/09\/cropped-cropped-cropped-IMG_4683.jpg","contentUrl":"http:\/\/melaniebonnet-psychologue.com\/wp-content\/uploads\/2021\/09\/cropped-cropped-cropped-IMG_4683.jpg","width":1434,"height":1786,"caption":"admin6544"},"logo":{"@id":"https:\/\/melaniebonnet-psychologue.com\/#\/schema\/person\/image\/"},"sameAs":["https:\/\/www.linkedin.com\/in\/mlanie-bonnet-psychologue-du-travail\/"]}]}},"_links":{"self":[{"href":"https:\/\/melaniebonnet-psychologue.com\/index.php\/wp-json\/wp\/v2\/pages\/2505"}],"collection":[{"href":"https:\/\/melaniebonnet-psychologue.com\/index.php\/wp-json\/wp\/v2\/pages"}],"about":[{"href":"https:\/\/melaniebonnet-psychologue.com\/index.php\/wp-json\/wp\/v2\/types\/page"}],"author":[{"embeddable":true,"href":"https:\/\/melaniebonnet-psychologue.com\/index.php\/wp-json\/wp\/v2\/users\/1"}],"replies":[{"embeddable":true,"href":"https:\/\/melaniebonnet-psychologue.com\/index.php\/wp-json\/wp\/v2\/comments?post=2505"}],"version-history":[{"count":84,"href":"https:\/\/melaniebonnet-psychologue.com\/index.php\/wp-json\/wp\/v2\/pages\/2505\/revisions"}],"predecessor-version":[{"id":2632,"href":"https:\/\/melaniebonnet-psychologue.com\/index.php\/wp-json\/wp\/v2\/pages\/2505\/revisions\/2632"}],"wp:featuredmedia":[{"embeddable":true,"href":"https:\/\/melaniebonnet-psychologue.com\/index.php\/wp-json\/wp\/v2\/media\/2510"}],"wp:attachment":[{"href":"https:\/\/melaniebonnet-psychologue.com\/index.php\/wp-json\/wp\/v2\/media?parent=2505"}],"curies":[{"name":"wp","href":"https:\/\/api.w.org\/{rel}","templated":true}]}}